{"id":1285,"date":"2022-11-02T17:03:41","date_gmt":"2022-11-02T16:03:41","guid":{"rendered":"https:\/\/localhost\/wordpress\/?page_id=1285"},"modified":"2022-12-09T17:05:25","modified_gmt":"2022-12-09T16:05:25","slug":"nowicki-gr2","status":"publish","type":"page","link":"http:\/\/erasmus2021.6cultures1tech.eu\/?page_id=1285","title":{"rendered":"Nowicki Gr2"},"content":{"rendered":"\t\t<div data-elementor-type=\"wp-page\" data-elementor-id=\"1285\" class=\"elementor elementor-1285\">\n\t\t\t\t\t\t\t\t\t<section class=\"elementor-section elementor-top-section elementor-element elementor-element-e2b7a3b elementor-section-height-min-height elementor-section-boxed elementor-section-height-default elementor-section-items-middle\" data-id=\"e2b7a3b\" data-element_type=\"section\" data-settings=\"{&quot;background_background&quot;:&quot;classic&quot;}\">\n\t\t\t\t\t\t<div class=\"elementor-container elementor-column-gap-default\">\n\t\t\t\t\t<div class=\"elementor-column elementor-col-50 elementor-top-column elementor-element elementor-element-1093c6e\" data-id=\"1093c6e\" data-element_type=\"column\">\n\t\t\t<div class=\"elementor-widget-wrap elementor-element-populated\">\n\t\t\t\t\t\t\t\t<div class=\"elementor-element elementor-element-3879de5 elementor-widget elementor-widget-heading\" data-id=\"3879de5\" data-element_type=\"widget\" data-widget_type=\"heading.default\">\n\t\t\t\t<div class=\"elementor-widget-container\">\n\t\t\t<style>\/*! elementor - v3.10.1 - 17-01-2023 *\/\n.elementor-heading-title{padding:0;margin:0;line-height:1}.elementor-widget-heading .elementor-heading-title[class*=elementor-size-]>a{color:inherit;font-size:inherit;line-height:inherit}.elementor-widget-heading .elementor-heading-title.elementor-size-small{font-size:15px}.elementor-widget-heading .elementor-heading-title.elementor-size-medium{font-size:19px}.elementor-widget-heading .elementor-heading-title.elementor-size-large{font-size:29px}.elementor-widget-heading .elementor-heading-title.elementor-size-xl{font-size:39px}.elementor-widget-heading .elementor-heading-title.elementor-size-xxl{font-size:59px}<\/style><h2 class=\"elementor-heading-title elementor-size-default\">Kuba Nowicki<\/h2>\t\t<\/div>\n\t\t\t\t<\/div>\n\t\t\t\t<section class=\"elementor-section elementor-inner-section elementor-element elementor-element-c5fc132 elementor-section-boxed elementor-section-height-default elementor-section-height-default\" data-id=\"c5fc132\" data-element_type=\"section\">\n\t\t\t\t\t\t<div class=\"elementor-container elementor-column-gap-default\">\n\t\t\t\t\t<div class=\"elementor-column elementor-col-100 elementor-inner-column elementor-element elementor-element-63765c0\" data-id=\"63765c0\" data-element_type=\"column\">\n\t\t\t<div class=\"elementor-widget-wrap elementor-element-populated\">\n\t\t\t\t\t\t\t\t<div class=\"elementor-element elementor-element-141450d elementor-widget elementor-widget-heading\" data-id=\"141450d\" data-element_type=\"widget\" data-widget_type=\"heading.default\">\n\t\t\t\t<div class=\"elementor-widget-container\">\n\t\t\t<h2 class=\"elementor-heading-title elementor-size-default\">Jestem osob\u0105, kt\u00f3ra od dziecka fascynuje si\u0119 technologi\u0105 komputer\u00f3w. Moje umiej\u0119tno\u015bci zacz\u0119\u0142y si\u0119 od tworzenia programu zamykaj\u0105cego komputer w notatniku a rozwin\u0119\u0142y si\u0119 na poziom zaawansowanego programowania i serwisowania komputer\u00f3w. Praktyka zawodowa w programie Erasmus+ umo\u017cliwi\u0142a mi rozwijanie horyzont\u00f3w w zakresie informatyki i spe\u0142ni\u0142a moj\u0105 pasj\u0119 podr\u00f3\u017cowania do obcych kraj\u00f3w. Mia\u0142em szanse pozna\u0107 bardzo du\u017co kochanych os\u00f3b i sp\u0119dza\u0107 z nimi czas.\n<\/h2>\t\t<\/div>\n\t\t\t\t<\/div>\n\t\t\t\t\t<\/div>\n\t\t<\/div>\n\t\t\t\t\t\t\t<\/div>\n\t\t<\/section>\n\t\t\t\t\t<\/div>\n\t\t<\/div>\n\t\t\t\t<div class=\"elementor-column elementor-col-50 elementor-top-column elementor-element elementor-element-b51aab2\" data-id=\"b51aab2\" data-element_type=\"column\">\n\t\t\t<div class=\"elementor-widget-wrap elementor-element-populated\">\n\t\t\t\t\t\t\t\t<div class=\"elementor-element elementor-element-b86befa elementor-widget elementor-widget-image\" data-id=\"b86befa\" data-element_type=\"widget\" data-widget_type=\"image.default\">\n\t\t\t\t<div class=\"elementor-widget-container\">\n\t\t\t<style>\/*! elementor - v3.10.1 - 17-01-2023 *\/\n.elementor-widget-image{text-align:center}.elementor-widget-image a{display:inline-block}.elementor-widget-image a img[src$=\".svg\"]{width:48px}.elementor-widget-image img{vertical-align:middle;display:inline-block}<\/style>\t\t\t\t\t\t\t\t\t\t\t\t<img loading=\"lazy\" decoding=\"async\" width=\"577\" height=\"1024\" src=\"http:\/\/erasmus2021.6cultures1tech.eu\/wp-content\/uploads\/2022\/12\/Nowicki_Easy-Resize.com_-577x1024.jpg\" class=\"attachment-large size-large wp-image-3146\" alt=\"\" srcset=\"http:\/\/erasmus2021.6cultures1tech.eu\/wp-content\/uploads\/2022\/12\/Nowicki_Easy-Resize.com_-577x1024.jpg 577w, http:\/\/erasmus2021.6cultures1tech.eu\/wp-content\/uploads\/2022\/12\/Nowicki_Easy-Resize.com_-169x300.jpg 169w, http:\/\/erasmus2021.6cultures1tech.eu\/wp-content\/uploads\/2022\/12\/Nowicki_Easy-Resize.com_.jpg 721w\" sizes=\"auto, (max-width: 577px) 100vw, 577px\" \/>\t\t\t\t\t\t\t\t\t\t\t\t\t\t\t<\/div>\n\t\t\t\t<\/div>\n\t\t\t\t\t<\/div>\n\t\t<\/div>\n\t\t\t\t\t\t\t<\/div>\n\t\t<\/section>\n\t\t\t\t<section class=\"elementor-section elementor-top-section elementor-element elementor-element-d492d02 elementor-section-boxed elementor-section-height-default elementor-section-height-default\" data-id=\"d492d02\" data-element_type=\"section\">\n\t\t\t\t\t\t<div class=\"elementor-container elementor-column-gap-default\">\n\t\t\t\t\t<div class=\"elementor-column elementor-col-100 elementor-top-column elementor-element elementor-element-f80892c\" data-id=\"f80892c\" data-element_type=\"column\">\n\t\t\t<div class=\"elementor-widget-wrap elementor-element-populated\">\n\t\t\t\t\t\t\t\t<section class=\"elementor-section elementor-inner-section elementor-element elementor-element-f98c296 elementor-section-boxed elementor-section-height-default elementor-section-height-default\" data-id=\"f98c296\" data-element_type=\"section\">\n\t\t\t\t\t\t<div class=\"elementor-container elementor-column-gap-default\">\n\t\t\t\t\t<div class=\"elementor-column elementor-col-100 elementor-inner-column elementor-element elementor-element-8492a55\" data-id=\"8492a55\" data-element_type=\"column\">\n\t\t\t<div class=\"elementor-widget-wrap elementor-element-populated\">\n\t\t\t\t\t\t\t\t<div class=\"elementor-element elementor-element-c475d81 elementor-widget elementor-widget-heading\" data-id=\"c475d81\" data-element_type=\"widget\" data-widget_type=\"heading.default\">\n\t\t\t\t<div class=\"elementor-widget-container\">\n\t\t\t<h2 class=\"elementor-heading-title elementor-size-default\">Opinia o praktyce:<\/h2>\t\t<\/div>\n\t\t\t\t<\/div>\n\t\t\t\t<div class=\"elementor-element elementor-element-2c29742 elementor-widget elementor-widget-text-editor\" data-id=\"2c29742\" data-element_type=\"widget\" data-widget_type=\"text-editor.default\">\n\t\t\t\t<div class=\"elementor-widget-container\">\n\t\t\t<style>\/*! elementor - v3.10.1 - 17-01-2023 *\/\n.elementor-widget-text-editor.elementor-drop-cap-view-stacked .elementor-drop-cap{background-color:#818a91;color:#fff}.elementor-widget-text-editor.elementor-drop-cap-view-framed .elementor-drop-cap{color:#818a91;border:3px solid;background-color:transparent}.elementor-widget-text-editor:not(.elementor-drop-cap-view-default) .elementor-drop-cap{margin-top:8px}.elementor-widget-text-editor:not(.elementor-drop-cap-view-default) .elementor-drop-cap-letter{width:1em;height:1em}.elementor-widget-text-editor .elementor-drop-cap{float:left;text-align:center;line-height:1;font-size:50px}.elementor-widget-text-editor .elementor-drop-cap-letter{display:inline-block}<\/style>\t\t\t\t<p>Udzia\u0142 w praktykach zawodowych w projekcie Erasmus+ by\u0142 dla mnie niesamowitym zaszczyceniem. Jako praktykant w mie\u015bcie Sevilla mog\u0142em wdro\u017cy\u0107 moje umiej\u0119tno\u015bci w \u017cycie. Pozna\u0142em wiele przyjaznych os\u00f3b w trakcie projektu i rozwin\u0105\u0142em swoj\u0105 wiedz\u0119 j\u0119zyka hiszpa\u0144skiego poprzez komunikowanie si\u0119 z moj\u0105 rodzin\u0105, personelem w pracy oraz rdzennymi mieszka\u0144cami. Wycieczki do r\u00f3\u017cnych zak\u0105tk\u00f3w Hiszpanii pozwoli\u0142y mi odkry\u0107 strumie\u0144 atrakcji. Jestem bardzo usatysfakcjonowany ilo\u015bci\u0105 czasu wolnego, kt\u00f3ry mog\u0142em wykorzysta\u0107 na zwiedzanie metropolii miasta sam lub z towarzystwem. W prostocie serca polecam ka\u017cdemu, aby wzi\u0105\u0142 udzia\u0142 w praktykach zagranicznych. Jest to prze\u017cycie nie do zapomnienia.<\/p>\t\t\t\t\t\t<\/div>\n\t\t\t\t<\/div>\n\t\t\t\t\t<\/div>\n\t\t<\/div>\n\t\t\t\t\t\t\t<\/div>\n\t\t<\/section>\n\t\t\t\t<div class=\"elementor-element elementor-element-720f8a6 elementor-widget elementor-widget-heading\" data-id=\"720f8a6\" data-element_type=\"widget\" data-widget_type=\"heading.default\">\n\t\t\t\t<div class=\"elementor-widget-container\">\n\t\t\t<h2 class=\"elementor-heading-title elementor-size-default\">Praca:<\/h2>\t\t<\/div>\n\t\t\t\t<\/div>\n\t\t\t\t<div class=\"elementor-element elementor-element-5a0164d elementor-widget elementor-widget-text-editor\" data-id=\"5a0164d\" data-element_type=\"widget\" data-widget_type=\"text-editor.default\">\n\t\t\t\t<div class=\"elementor-widget-container\">\n\t\t\t\t\t\t\t<p>Podczas praktyk w Hiszpanii pracuj\u0119 w firmie \u201eL&amp;R Informatica\u201d. Moim wsp\u00f3\u0142pracownikiem jest Dawid Paduch. Praca w tej firmie jest przyjemna, poniewa\u017c zarz\u0105dzaj\u0105 nami dwaj w\u0142a\u015bciciele\u00a0 &#8211; Lorena i Antonio. Obaj potrafi\u0105 dobrze zorganizowa\u0107 uk\u0142ad pracy i maj\u0105 25 lat do\u015bwiadczenia w swoim biznesie. S\u0105 wyrozumiali w razie jakichkolwiek nieporozumie\u0144 i jeste\u015bmy w stanie doj\u015b\u0107 do porozumienia mimo bariery j\u0119zykowej. Przejazd z domu do firmy zajmuje mi ok. 30 minut autobusem, natomiast Dawid ma \u015brednio 15 minut drogi komunikacj\u0105 miejsk\u0105. W stanowisku monta\u017cu i serwisu komputer\u00f3w mamy bardzo zr\u00f3\u017cnicowane zadania, m. in. zarz\u0105dzanie systemami operacyjnymi, doprowadzenie pracy komputera do \u0142adu, monta\u017c urz\u0105dze\u0144 komputerowych, projektor\u00f3w, naprawa drukarek, monta\u017c elektryki oraz wiele innych prac. Oczywist\u0105 rzecz\u0105 jest, \u017ce praca ta mo\u017ce by\u0107 skomplikowana i m\u0119cz\u0105ca, ale w razie jakichkolwiek problem\u00f3w mo\u017cemy liczy\u0107 na pomoc naszego szefa kt\u00f3ry jest zawsze przy nas. Dostajemy zlecenia pracy w siedzibie na ulicy C. Becquer 23, albo w szko\u0142ach i uniwersytetach do kt\u00f3rych transport zapewnia nam Antonio. Razem pr\u00f3bujemy wykona\u0107 zlecone nam zadania jak najszybciej by upora\u0107 si\u0119 z kolejnymi w innej lokalizacji. Jestem bardzo usatysfakcjonowany moj\u0105 prac\u0105 w tym kierunku i z pewno\u015bci\u0105 nauczy\u0142o mnie to do tej pory bardzo du\u017co.<\/p>\t\t\t\t\t\t<\/div>\n\t\t\t\t<\/div>\n\t\t\t\t<div class=\"elementor-element elementor-element-2b5238b elementor-widget elementor-widget-heading\" data-id=\"2b5238b\" data-element_type=\"widget\" data-widget_type=\"heading.default\">\n\t\t\t\t<div class=\"elementor-widget-container\">\n\t\t\t<h2 class=\"elementor-heading-title elementor-size-default\">Zakwaterowanie:<\/h2>\t\t<\/div>\n\t\t\t\t<\/div>\n\t\t\t\t<div class=\"elementor-element elementor-element-7ea9a72 elementor-widget elementor-widget-text-editor\" data-id=\"7ea9a72\" data-element_type=\"widget\" data-widget_type=\"text-editor.default\">\n\t\t\t\t<div class=\"elementor-widget-container\">\n\t\t\t\t\t\t\t<p>Obaj mieszkamy na dzielnicy Triana na ulicy Francisco Collantes de Teran u rodziny licz\u0105cej trzy osoby. Najcz\u0119\u015bciej przebywa tutaj matka, kt\u00f3ra nami si\u0119 zajmuje. Jest ona jak najbardziej w porz\u0105dku, je\u015bli czego\u015b potrzebujemy mo\u017cemy j\u0105 zapyta\u0107 i wys\u0142ucha naszych wszelkich pr\u00f3\u015bb oraz sugestii. Od pocz\u0105tku komunikujemy si\u0119 z nimi korzystaj\u0105c z t\u0142umacza. Przy pierwszym spotkaniu z lokatork\u0105 od razu, gdy zauwa\u017cy\u0142a problem z komunikacj\u0105 wyci\u0105gn\u0119\u0142a t\u0142umacz, co by\u0142o mi\u0142ym zaskoczeniem. Niestety nasza rodzina nie potrafi m\u00f3wi\u0107 po angielsku, jednak\u017ce u\u017cywanie t\u0142umacza, gest\u00f3w wraz z podstawowymi umiej\u0119tno\u015bciami z j\u0119zyka hiszpa\u0144skiego potrafimy si\u0119 zrozumie\u0107. Mieszkanie jest w dobrym stanie, jednak\u017ce pokoje takie jak \u0142azienka oraz nasz s\u0105 bardzo ma\u0142e. W domu znajduj\u0105 si\u0119 trzy koty, kt\u00f3re s\u0105 dla nas pozytywnym aspektem mieszkania tutaj, poniewa\u017c obaj lubimy koty. Posi\u0142ki jemy podczas ustalonych godzin dostosowanych do godzin naszych prac. Jedzenie jest w porz\u0105dku, momentami trafia si\u0119 posi\u0142ek, kt\u00f3ry nam mniej smakuje, aczkolwiek w\u0142a\u015bcicielka domu stara si\u0119 dostosowa\u0107 jedzenie do naszych gust\u00f3w. Niestety w naszym pokoju nie ma klimatyzacji, ale przynajmniej dostali\u015bmy wiatrak. Mamy wystarczaj\u0105co miejsca na rzeczy osobiste, dodatkowo w razie potrzeby lokatorka zaoferowa\u0142a nam wi\u0119cej miejsca. Do pracy nie mamy daleko. Jeden z nas podr\u00f3\u017cuje metrem i dostaje si\u0119 do pracy w 15 minut, a drugi autobusami mniej wi\u0119cej p\u00f3\u0142 godziny.<\/p>\n<p>Podsumowuj\u0105c. Zakwaterowanie da\u0142o nam du\u017co mo\u017cliwo\u015bci poznania hiszpa\u0144skiej kuchni oraz stylu \u017cycia Hiszpan\u00f3w. Jeste\u015bmy bardzo pozytywnie zaskoczeni w jaki spos\u00f3b zostali\u015bmy ugoszczeni.<\/p><p>~ Nowicki Kuba, Trembaczowski Marcin<br><\/p>\t\t\t\t\t\t<\/div>\n\t\t\t\t<\/div>\n\t\t\t\t\t<\/div>\n\t\t<\/div>\n\t\t\t\t\t\t\t<\/div>\n\t\t<\/section>\n\t\t\t\t\t\t\t<\/div>\n\t\t","protected":false},"excerpt":{"rendered":"<p>Kuba Nowicki Jestem osob\u0105, kt\u00f3ra od dziecka fascynuje si\u0119 technologi\u0105 komputer\u00f3w. Moje umiej\u0119tno\u015bci zacz\u0119\u0142y si\u0119 od tworzenia programu zamykaj\u0105cego komputer w notatniku a rozwin\u0119\u0142y si\u0119 na poziom zaawansowanego programowania i serwisowania komputer\u00f3w. Praktyka zawodowa w programie Erasmus+ umo\u017cliwi\u0142a mi rozwijanie horyzont\u00f3w w zakresie informatyki i spe\u0142ni\u0142a moj\u0105 pasj\u0119 podr\u00f3\u017cowania do obcych kraj\u00f3w. Mia\u0142em szanse pozna\u0107 [&hellip;]<\/p>\n","protected":false},"author":1,"featured_media":0,"parent":0,"menu_order":0,"comment_status":"closed","ping_status":"closed","template":"","meta":{"footnotes":""},"class_list":["post-1285","page","type-page","status-publish","hentry","entry"],"_links":{"self":[{"href":"http:\/\/erasmus2021.6cultures1tech.eu\/index.php?rest_route=\/wp\/v2\/pages\/1285","targetHints":{"allow":["GET"]}}],"collection":[{"href":"http:\/\/erasmus2021.6cultures1tech.eu\/index.php?rest_route=\/wp\/v2\/pages"}],"about":[{"href":"http:\/\/erasmus2021.6cultures1tech.eu\/index.php?rest_route=\/wp\/v2\/types\/page"}],"author":[{"embeddable":true,"href":"http:\/\/erasmus2021.6cultures1tech.eu\/index.php?rest_route=\/wp\/v2\/users\/1"}],"replies":[{"embeddable":true,"href":"http:\/\/erasmus2021.6cultures1tech.eu\/index.php?rest_route=%2Fwp%2Fv2%2Fcomments&post=1285"}],"version-history":[{"count":16,"href":"http:\/\/erasmus2021.6cultures1tech.eu\/index.php?rest_route=\/wp\/v2\/pages\/1285\/revisions"}],"predecessor-version":[{"id":3186,"href":"http:\/\/erasmus2021.6cultures1tech.eu\/index.php?rest_route=\/wp\/v2\/pages\/1285\/revisions\/3186"}],"wp:attachment":[{"href":"http:\/\/erasmus2021.6cultures1tech.eu\/index.php?rest_route=%2Fwp%2Fv2%2Fmedia&parent=1285"}],"curies":[{"name":"wp","href":"https:\/\/api.w.org\/{rel}","templated":true}]}}